{"id":14,"date":"2014-12-15T17:20:08","date_gmt":"2014-12-15T17:20:08","guid":{"rendered":"http:\/\/www.perezalmansa.com\/ca\/?page_id=14"},"modified":"2015-05-25T13:27:13","modified_gmt":"2015-05-25T13:27:13","slug":"compromis-etic","status":"publish","type":"page","link":"https:\/\/www.perezalmansa.com\/ca\/compromis-etic\/","title":{"rendered":"Comprom\u00eds \u00e8tic"},"content":{"rendered":"<p style=\"text-align: justify;\"><strong>1.<\/strong> En el nostre despatx la lleialtat amb el client \u00e9s un principi fonamental de la nostra conducta professional. No acceptem la defensa d\u2019aquells casos en els que els interessos del despatx puguin contraposar-se als del client.<\/p>\n<p style=\"text-align: justify;\"><strong>2.<\/strong> El nostre bufet dona sempre llur assessorament amb total independ\u00e8ncia. Encara que la Llei ho permet, hem optat per no exercir activitats comercials (intermediaci\u00f3 immobili\u00e0ria, administraci\u00f3 de finques, etc.) per prevenir qualsevol conflicte d\u2019interessos que comprometi el nostre comprom\u00eds amb el client.<\/p>\n<p style=\"text-align: justify;\"><strong>3.<\/strong> A P\u00e9rez Almansa Advocats la confidencialitat de la informaci\u00f3 rebuda del client \u00e9s una prioritat m\u00e0xima. \u00danicament revelarem dades a petici\u00f3 d\u2019una Autoritat competent i en els estrictes terminis del requeriment.<\/p>\n<p style=\"text-align: justify;\"><strong>4.<\/strong> El nostre despatx d\u2019advocats considera primordial el compliment de la normativa deontol\u00f2gica de la advocacia. Mai hem tingut una reclamaci\u00f3 d\u2019un client per neglig\u00e8ncia professional i cap dels nostres lletrats ha estat mai sancionat p\u00e8l Col\u2022legi d\u2019Advocats. Aix\u00f2 no obstant, per conferir als nostres clients una m\u00e0xima protecci\u00f3 davant de qualsevol eventualitat tenim contractat una asseguran\u00e7a de responsabilitat civil amb cobertura fins a un mili\u00f3 d\u2019euros. Amb aix\u00f2 el nostre bufet garanteix al client llur solv\u00e8ncia i responsabilitat.<\/p>\n<p style=\"text-align: justify;\"><strong>5.<\/strong> En mat\u00e8ria d\u2019honoraris professionals, la nostra prioritat \u00e9s la transpar\u00e8ncia. El nostre despatx sempre treballa sobre la base d\u2019un pressupost previ consensuat amb el client.<\/p>\n<p style=\"text-align: justify;\"><strong>6.<\/strong> El nostre despatx est\u00e0 comprom\u00e8s amb la defensa dels drets humans. Declinem la defensa de persones o entitats vinculades amb r\u00e8gims pol\u00edtics autoritaris en els que no es respecten els drets humans en els estrictes termes del conveni Europeu per la Protecci\u00f3 del Drets Humans i de les Llibertats fonamentals adoptat p\u00e8l Consell d\u2019Europa el 4 de novembre de 1950.<\/p>\n<p style=\"text-align: justify;\"><img loading=\"lazy\" decoding=\"async\" class=\"alignnone wp-image-270 size-full\" src=\"http:\/\/www.perezalmansa.com\/ca\/wp-content\/uploads\/sites\/3\/2014\/12\/coexia141015_052.jpg\" alt=\"compromiso etico\" width=\"2560\" height=\"1709\" srcset=\"https:\/\/www.perezalmansa.com\/ca\/wp-content\/uploads\/sites\/3\/2014\/12\/coexia141015_052.jpg 2560w, https:\/\/www.perezalmansa.com\/ca\/wp-content\/uploads\/sites\/3\/2014\/12\/coexia141015_052-300x200.jpg 300w, https:\/\/www.perezalmansa.com\/ca\/wp-content\/uploads\/sites\/3\/2014\/12\/coexia141015_052-1024x683.jpg 1024w\" sizes=\"auto, (max-width: 2560px) 100vw, 2560px\" \/><\/p>\n","protected":false},"excerpt":{"rendered":"<p>1. En el nostre despatx la lleialtat amb el client \u00e9s un principi fonamental de la nostra conducta professional. No acceptem la defensa d\u2019aquells casos en els que els interessos del despatx puguin contraposar-se als del client. 2. El nostre bufet dona sempre llur assessorament amb total independ\u00e8ncia. Encara que la Llei ho permet, hem [&hellip;]<\/p>\n","protected":false},"author":1,"featured_media":0,"parent":0,"menu_order":0,"comment_status":"open","ping_status":"open","template":"","meta":{"footnotes":""},"class_list":["post-14","page","type-page","status-publish","hentry"],"_links":{"self":[{"href":"https:\/\/www.perezalmansa.com\/ca\/wp-json\/wp\/v2\/pages\/14","targetHints":{"allow":["GET"]}}],"collection":[{"href":"https:\/\/www.perezalmansa.com\/ca\/wp-json\/wp\/v2\/pages"}],"about":[{"href":"https:\/\/www.perezalmansa.com\/ca\/wp-json\/wp\/v2\/types\/page"}],"author":[{"embeddable":true,"href":"https:\/\/www.perezalmansa.com\/ca\/wp-json\/wp\/v2\/users\/1"}],"replies":[{"embeddable":true,"href":"https:\/\/www.perezalmansa.com\/ca\/wp-json\/wp\/v2\/comments?post=14"}],"version-history":[{"count":16,"href":"https:\/\/www.perezalmansa.com\/ca\/wp-json\/wp\/v2\/pages\/14\/revisions"}],"predecessor-version":[{"id":494,"href":"https:\/\/www.perezalmansa.com\/ca\/wp-json\/wp\/v2\/pages\/14\/revisions\/494"}],"wp:attachment":[{"href":"https:\/\/www.perezalmansa.com\/ca\/wp-json\/wp\/v2\/media?parent=14"}],"curies":[{"name":"wp","href":"https:\/\/api.w.org\/{rel}","templated":true}]}}