{"id":224,"date":"2015-01-14T13:28:29","date_gmt":"2015-01-14T13:28:29","guid":{"rendered":"http:\/\/www.perezalmansa.com\/ca\/?page_id=224"},"modified":"2015-05-25T12:24:15","modified_gmt":"2015-05-25T12:24:15","slug":"avis-legal","status":"publish","type":"page","link":"https:\/\/www.perezalmansa.com\/ca\/avis-legal\/","title":{"rendered":"AVIS LEGAL"},"content":{"rendered":"<p style=\"text-align: justify;\">En compliment amb el deure d\u2019informaci\u00f3 recollit en l\u2019article 10 de la Llei 34\/2002, de 11 de juliol, de Serveis de la Societat de la Informaci\u00f3 i del Comer\u00e7 Electr\u00f2nic, a continuaci\u00f3 es reflecteixen les seg\u00fcents dades:<\/p>\n<p style=\"text-align: justify;\">L\u2019empresa titular d\u2019aquesta website \u00e9s \u201cEstudi Jur\u00eddic P\u00e9rez Almansa, S.L.P.\u201d,<br \/>\namb domicili al Al\u00ed Bei 25, 5\u00ba 1\u00aa<br \/>\n08010 Barcelona, Espanya, amb n\u00famero de CIF: B62835715 i correu electr\u00f2nic de contacte\u00a0info@perezalmansa.com<\/p>\n<p style=\"text-align: justify;\">La informaci\u00f3 continguda en\u00a0www.perezalmansa.com\/caconstitueix un servei d\u2019informaci\u00f3 dels diversos serveis i continguts que ofereix \u201cEstudi Jur\u00eddic P\u00e9rez Almansa, S.L.P.\u201d principalment als seus clients en el desenvolupament i disseny de Webs i aplicacions web que desenvolupa i promou a tot el territori espanyol.<\/p>\n<p style=\"text-align: justify;\"><strong>ACCEPTACI\u00d3 DE LES CONDICIONS D\u2019\u00daS<\/strong><\/p>\n<p style=\"text-align: justify;\">L\u2019acc\u00e9s a la web\u00a0www.perezalmansa.com\/ca exigeix l\u2019acceptaci\u00f3 de les condicions d\u2019\u00fas que en cada moment es trobin vigents en aquesta Web.<\/p>\n<p style=\"text-align: justify;\"><strong>PROPIETAT INTELECTUAL<\/strong><\/p>\n<p style=\"text-align: justify;\">El codi font, els dissenys gr\u00e0fics, les imatges, les fotografies, les animacions, el programari, els textos, aix\u00ed com la informaci\u00f3 i els continguts que es recullen en www.perezalmansa.com\/ca, estan protegits per la legislaci\u00f3 espanyola sobre els drets de propietat intel lectual i industrial a favor de \u201cEstudi Jur\u00eddic P\u00e9rez Almansa, S.L.P.\u201d,i no es permet, la reproducci\u00f3 total o parcial d\u2019aquesta web, ni el seu tractament inform\u00e0tic, comunicaci\u00f3 p\u00fablica, distribuci\u00f3, difusi\u00f3, modificaci\u00f3, transformaci\u00f3 o descompilaci\u00f3, sense el perm\u00eds previ i per escrit del seu titular, \u201cEstudi Jur\u00eddic P\u00e9rez Almansa, S.L.P.\u201dde conformitat amb el que disposen els articles 8 i 32 par\u00e0graf segon de la Llei de Propietat Intel lectual.<\/p>\n<p style=\"text-align: justify;\">L\u2019usuari, \u00fanicament i exclusivament podr\u00e0 utilitzar el material que aparegui en aquesta Web per al seu \u00fas personal i privat, quedant prohibida la seva utilitzaci\u00f3 amb fins comercials o per inc\u00f3rrer en activitats il l\u00edcites. Tots els drets derivats de la propietat intel.lectual estan expressament reservats per \u201cEstudi Jur\u00eddic P\u00e9rez Almansa, S.L.P.\u201d.<\/p>\n<p style=\"text-align: justify;\">\u201cEstudi Jur\u00eddic P\u00e9rez Almansa, S.L.P.\u201d\u00a0vetllar\u00e0 pel compliment de les anteriors condicions i per a la deguda utilitzaci\u00f3 dels continguts presentats al seu portal, exercitant totes les accions civils i penals que li corresponguin en el cas d\u2019infracci\u00f3 o incompliment d\u2019aquests drets per part de l\u2019usuari.<\/p>\n<h3 style=\"text-align: justify;\"><strong>PROTECCI\u00d3 DE DADES DE CAR\u00c0CTER PERSONAL<\/strong><\/h3>\n<p>L\u2019acc\u00e9s a la p\u00e0gina web o el seu \u00fas no implica una recollida de dades personals de l\u2019usuari per part de \u201cEstudi Jur\u00eddic P\u00e9rez Almansa, S.L.P.\u201d. No obstant aix\u00f2, es comunica que, en el cas que \u201cEstudi Jur\u00eddic P\u00e9rez Almansa, S.L.P.\u201d demani dades personals, s\u2019informar\u00e0 degudament a l\u2019usuari acord amb el que estableix la Llei Org\u00e0nica 15\/1999, de 13 de desembre, de Protecci\u00f3 de Dades de Car\u00e0cter Personal .<\/p>\n<p>Les Dades Personals que es recullen en els formularis o documents an\u00e0legs de sol.licitud d\u2019informaci\u00f3 de \u201cEstudi Jur\u00eddic P\u00e9rez Almansa, S.L.P.\u201d seran objecte de tractament mixt i s\u2019incorporaran als corresponents fitxers, dels quals la titularitat correspon a \u201cEstudi Jur\u00eddic P\u00e9rez Almansa, S.L.P.\u201d.<\/p>\n<p>La recollida i tractament mixt de les Dades de Car\u00e0cter Personal t\u00e9 principalment com a finalitat l\u2019atenci\u00f3 de sol.licituds d\u2019informaci\u00f3 per part de tercers i el manteniment de la relaci\u00f3 que en el seu cas s\u2019estableixi amb \u201cEstudi Jur\u00eddic P\u00e9rez Almansa, S.L.P.\u201d, aix\u00ed com la gesti\u00f3, administraci\u00f3 , informaci\u00f3, prestaci\u00f3 i millora dels serveis i continguts, en la gen\u00e8rica, decideixin consultar.<\/p>\n<p>\u201cEstudi Jur\u00eddic P\u00e9rez Almansa, S.L.P.\u201d ha pres les mesures d\u2019\u00edndole t\u00e8cnica i organitzativa necess\u00e0ries per garantir la seguretat de les dades i evitar la seva alteraci\u00f3, p\u00e8rdua, tractament o acc\u00e9s no autoritzat, tenint en compte l\u2019estat de la tecnologia, la naturalesa de les dades emmagatzemades i els riscos a qu\u00e8 estan exposats, ja provinguin de l\u2019acci\u00f3 humana o del medi f\u00edsic o natural. S\u2019adoptaran les mesures d\u2019\u00edndole t\u00e8cniques i organitzatives que persegueixin assolir els objectius b\u00e0sics en mat\u00e8ria de seguretat, com s\u00f3n: la confidencialitat, entesa com la limitaci\u00f3 d\u2019acc\u00e9s a la informaci\u00f3 per persones no autoritzades, la integritat, entesa com el manteniment de la informaci\u00f3 fiable i amb qualitat, i la disponibilitat, entesa com la garantia d\u2019acc\u00e9s al Sistema d\u2019Informaci\u00f3 per la sol.licitud d\u2019un usuari autoritzat.<\/p>\n<h3 style=\"text-align: justify;\">LIMITACI\u00d3 DE LA RESPONSABILITAT<\/h3>\n<p style=\"text-align: justify;\">\u201cEstudio Jur\u00eddico P\u00e9rez Almansa, S.L.P.\u201d\u00a0no es responsabilitza dels possibles danys o perjudicis que puguin succeir com a conseq\u00fc\u00e8ncia de l\u2019\u00fas dels continguts de la web, sent d\u2019exclusiva responsabilitat de l\u2019usuari que accedeixi a aquests.<\/p>\n","protected":false},"excerpt":{"rendered":"<p>En compliment amb el deure d\u2019informaci\u00f3 recollit en l\u2019article 10 de la Llei 34\/2002, de 11 de juliol, de Serveis de la Societat de la Informaci\u00f3 i del Comer\u00e7 Electr\u00f2nic, a continuaci\u00f3 es reflecteixen les seg\u00fcents dades: L\u2019empresa titular d\u2019aquesta website \u00e9s \u201cEstudi Jur\u00eddic P\u00e9rez Almansa, S.L.P.\u201d, amb domicili al Al\u00ed Bei 25, 5\u00ba 1\u00aa [&hellip;]<\/p>\n","protected":false},"author":1,"featured_media":0,"parent":0,"menu_order":0,"comment_status":"closed","ping_status":"open","template":"","meta":{"footnotes":""},"class_list":["post-224","page","type-page","status-publish","hentry"],"_links":{"self":[{"href":"https:\/\/www.perezalmansa.com\/ca\/wp-json\/wp\/v2\/pages\/224","targetHints":{"allow":["GET"]}}],"collection":[{"href":"https:\/\/www.perezalmansa.com\/ca\/wp-json\/wp\/v2\/pages"}],"about":[{"href":"https:\/\/www.perezalmansa.com\/ca\/wp-json\/wp\/v2\/types\/page"}],"author":[{"embeddable":true,"href":"https:\/\/www.perezalmansa.com\/ca\/wp-json\/wp\/v2\/users\/1"}],"replies":[{"embeddable":true,"href":"https:\/\/www.perezalmansa.com\/ca\/wp-json\/wp\/v2\/comments?post=224"}],"version-history":[{"count":11,"href":"https:\/\/www.perezalmansa.com\/ca\/wp-json\/wp\/v2\/pages\/224\/revisions"}],"predecessor-version":[{"id":491,"href":"https:\/\/www.perezalmansa.com\/ca\/wp-json\/wp\/v2\/pages\/224\/revisions\/491"}],"wp:attachment":[{"href":"https:\/\/www.perezalmansa.com\/ca\/wp-json\/wp\/v2\/media?parent=224"}],"curies":[{"name":"wp","href":"https:\/\/api.w.org\/{rel}","templated":true}]}}