{"id":34,"date":"2014-12-16T13:35:09","date_gmt":"2014-12-16T13:35:09","guid":{"rendered":"http:\/\/www.perezalmansa.com\/ca\/?page_id=34"},"modified":"2016-10-06T09:19:52","modified_gmt":"2016-10-06T09:19:52","slug":"dret-administratiu","status":"publish","type":"page","link":"https:\/\/www.perezalmansa.com\/ca\/dret-administratiu\/","title":{"rendered":"Dret administratiu"},"content":{"rendered":"<p style=\"text-align: justify;\">El nostre despatx t\u00e9 una amplia experi\u00e8ncia en donar assessorament jur\u00eddic en mat\u00e8ria de dret urban\u00edstic i en reclamacions de responsabilitat patrimonial contra Administracions P\u00fabliques.<\/p>\n<p style=\"text-align: justify;\">La nostra tasca inclou l\u2019assessorament extern a entitats locals (Ajuntaments) i a entitats del sector empresarial p\u00fablic (societats municipals, ens p\u00fablics empresarials locals, etc.). Tanmateix, gran part dels nostres clients en l\u2019\u00e0rea de dret administratiu han estat \u2013i s\u00f3n- ciutadans particulars que necessiten una defensa jur\u00eddica competent en llurs relacions amb les Administracions P\u00fabliques.<\/p>\n<p style=\"text-align: justify;\"><a href=\"http:\/\/www.perezalmansa.com\/ca\/wp-content\/uploads\/sites\/3\/2014\/12\/Derecho-administrativo.jpg\"><img loading=\"lazy\" decoding=\"async\" class=\"alignnone size-full wp-image-500\" src=\"http:\/\/www.perezalmansa.com\/ca\/wp-content\/uploads\/sites\/3\/2014\/12\/Derecho-administrativo.jpg\" alt=\"Derecho-administrativo\" width=\"778\" height=\"519\" srcset=\"https:\/\/www.perezalmansa.com\/ca\/wp-content\/uploads\/sites\/3\/2014\/12\/Derecho-administrativo.jpg 778w, https:\/\/www.perezalmansa.com\/ca\/wp-content\/uploads\/sites\/3\/2014\/12\/Derecho-administrativo-300x200.jpg 300w\" sizes=\"auto, (max-width: 778px) 100vw, 778px\" \/><\/a><\/p>\n<p>&nbsp;<\/p>\n<table border=\"0\" width=\"100%\">\n<tbody>\n<tr>\n<td style=\"background-color: #f5f5f5!important;\" valign=\"middle\"><strong>Expropiacions for\u00e7oses: <\/strong>d\u2019en\u00e7\u00e0 l\u2019any 2008 Estudi Jur\u00eddic P\u00e9rez Almansa ha aconseguit per llurs clients davant dels Tribunals m\u00e9s de 16.000.000\u20ac en concepte de justipreus per expropiacions for\u00e7oses. En ocasions el nostre despatx ha aconseguit que la valoraci\u00f3 inicial feta per l\u2019Administraci\u00f3 expropiant qued\u00e9s multiplicada per deu en Sent\u00e8ncia.<\/td>\n<\/tr>\n<\/tbody>\n<\/table>\n<table border=\"0\" width=\"100%\">\n<tbody>\n<tr>\n<td style=\"background-color: #f5f5f5!important;\" valign=\"middle\"><strong>Sector p\u00fablic empresarial: <\/strong> El nostre despatx ha assessorat a algunes de les empreses p\u00fabliques m\u00e9s importants de Catalunya i Balears, els noms dels quals no podem publicar per raons de secret professional. La nostra experi\u00e8ncia en aquest camps ens permet garantir el suport jur\u00eddic necessari per una gesti\u00f3 eficient i tamb\u00e9, en els casos en els que sigui necessari, el recolzament legal p\u00e8l sanejament i reestructuraci\u00f3 d\u2019aquest tipus d\u2019entitats.<\/td>\n<\/tr>\n<\/tbody>\n<\/table>\n","protected":false},"excerpt":{"rendered":"<p>El nostre despatx t\u00e9 una amplia experi\u00e8ncia en donar assessorament jur\u00eddic en mat\u00e8ria de dret urban\u00edstic i en reclamacions de responsabilitat patrimonial contra Administracions P\u00fabliques. La nostra tasca inclou l\u2019assessorament extern a entitats locals (Ajuntaments) i a entitats del sector empresarial p\u00fablic (societats municipals, ens p\u00fablics empresarials locals, etc.). Tanmateix, gran part dels nostres clients [&hellip;]<\/p>\n","protected":false},"author":1,"featured_media":0,"parent":0,"menu_order":0,"comment_status":"open","ping_status":"open","template":"","meta":{"footnotes":""},"class_list":["post-34","page","type-page","status-publish","hentry"],"_links":{"self":[{"href":"https:\/\/www.perezalmansa.com\/ca\/wp-json\/wp\/v2\/pages\/34","targetHints":{"allow":["GET"]}}],"collection":[{"href":"https:\/\/www.perezalmansa.com\/ca\/wp-json\/wp\/v2\/pages"}],"about":[{"href":"https:\/\/www.perezalmansa.com\/ca\/wp-json\/wp\/v2\/types\/page"}],"author":[{"embeddable":true,"href":"https:\/\/www.perezalmansa.com\/ca\/wp-json\/wp\/v2\/users\/1"}],"replies":[{"embeddable":true,"href":"https:\/\/www.perezalmansa.com\/ca\/wp-json\/wp\/v2\/comments?post=34"}],"version-history":[{"count":22,"href":"https:\/\/www.perezalmansa.com\/ca\/wp-json\/wp\/v2\/pages\/34\/revisions"}],"predecessor-version":[{"id":503,"href":"https:\/\/www.perezalmansa.com\/ca\/wp-json\/wp\/v2\/pages\/34\/revisions\/503"}],"wp:attachment":[{"href":"https:\/\/www.perezalmansa.com\/ca\/wp-json\/wp\/v2\/media?parent=34"}],"curies":[{"name":"wp","href":"https:\/\/api.w.org\/{rel}","templated":true}]}}